{"id":8587,"date":"2021-11-09T09:40:19","date_gmt":"2021-11-09T07:40:19","guid":{"rendered":"https:\/\/gimaclinic.com\/sobre-nosaltres\/"},"modified":"2026-04-07T18:06:10","modified_gmt":"2026-04-07T16:06:10","slug":"sobre-nosaltres","status":"publish","type":"page","link":"https:\/\/gimaclinic.com\/ca\/sobre-nosaltres\/","title":{"rendered":"Sobre nosaltres"},"content":{"rendered":"<div id=\"pl-8587\"  class=\"panel-layout\" ><div id=\"pg-8587-0\"  class=\"panel-grid panel-no-style\" ><div id=\"pgc-8587-0-0\"  class=\"panel-grid-cell\" ><div id=\"panel-8587-0-0-0\" class=\"so-panel widget widget_sow-editor panel-first-child panel-last-child\" data-index=\"0\" ><div\n\t\t\t\n\t\t\tclass=\"so-widget-sow-editor so-widget-sow-editor-base\"\n\t\t\t\n\t\t><h3 class=\"widget-title\">La nostra Visi\u00f3<\/h3>\n<div class=\"siteorigin-widget-tinymce textwidget\">\n\t<p class=\"CosA\" style=\"text-align: justify;\"><span lang=\"CA-TRAD\">GIMA CLINIC \u00e9s una cl\u00ednica <strong>multidisciplinar<\/strong> que neix de dos apassionats a l'esport i la salut. <\/span><\/p>\n<p class=\"CosA\" style=\"text-align: justify;\"><span lang=\"CA-TRAD\">D'una banda, tenim a <strong>Marc<\/strong>, el nostre CEO i cofundador, amb una dilatada experi\u00e8ncia com a esportista professional, coneixedor del que vol dir estar lesionat i no poder gaudir de l'esport. A m\u00e9s, s'ha dedicat en aquests darrers anys de la seva carrera laboral a con\u00e8ixer i treballar amb els equips m\u00e8dics m\u00e9s avan\u00e7ats en els tractaments per a la recuperaci\u00f3 i la millora esportiva dels pacients. <\/span><\/p>\n<p class=\"CosA\" style=\"text-align: justify;\">D'altra banda, tenim <strong>Gisela<\/strong>, la nostra cofundadora i fisioterapeuta, a m\u00e9s de ser la responsable sanit\u00e0ria de la cl\u00ednica. Gisela \u00e9s fisioterapeuta especialitzada en biomec\u00e0nica i fisioter\u00e0pia esportiva. T\u00e9 una gran experi\u00e8ncia al sector sanitari privat i al sector esportiu; com a jugadora amateur i com a professional sanit\u00e0ria, ja que ha estat com a fisioterapeuta a la m\u00e0xima categoria de Rugby femen\u00ed, la Lliga Iberdrola.<\/p>\n<\/div>\n<\/div><\/div><\/div><div id=\"pgc-8587-0-1\"  class=\"panel-grid-cell\" ><div id=\"panel-8587-0-1-0\" class=\"so-panel widget widget_sow-editor panel-first-child panel-last-child\" data-index=\"1\" ><div\n\t\t\t\n\t\t\tclass=\"so-widget-sow-editor so-widget-sow-editor-base\"\n\t\t\t\n\t\t><h3 class=\"widget-title\">La nostra Missi\u00f3<\/h3>\n<div class=\"siteorigin-widget-tinymce textwidget\">\n\t<p class=\"CosA\" style=\"text-align: justify;\">\nMillorar la qualitat de vida. Volem assolir els teus objectius amb tu.<\/p>\n<p style=\"margin-bottom: 0px;\"><span style=\"color: #56afd5; font-size: 15px;\"><strong>Alta qualitat<\/strong><\/span><\/p>\n<p class=\"CosA\" style=\"text-align: justify;\">Les nostres sessions adopten un enfocament de rehabilitaci\u00f3 orientada a tu. Som un equip multidisciplinari unit per fer amb tu aquest cam\u00ed.<\/p>\n<p style=\"margin-bottom: 0px;\"><span style=\"color: #56afd5; font-size: 15px;\"><strong>Atenci\u00f3 al pacient<\/strong><\/span><\/p>\n<p class=\"CosA\" style=\"text-align: justify;\">Introdu\u00efm un nou concepte de tractament on tu ets el protagonista. Realitzem sessions perqu\u00e8 et converteixis en l'actiu de la teva recuperaci\u00f3.<\/p>\n<p style=\"margin-bottom: 0px;\"><span style=\"color: #56afd5; font-size: 15px;\"><strong>Servei professional<\/strong><\/span><\/p>\n<p class=\"CosA\" style=\"text-align: justify;\">Els nostres professionals tenen una combinaci\u00f3 d'experi\u00e8ncia i passi\u00f3 per poder-te ajudar a assolir els teus objectius. Disposem de les millors instal\u00b7lacions i de la millor tecnologia per poder-ho dur a terme.<\/p>\n<\/div>\n<\/div><\/div><\/div><div id=\"pgc-8587-0-2\"  class=\"panel-grid-cell\" ><div id=\"panel-8587-0-2-0\" class=\"so-panel widget widget_sow-editor panel-first-child panel-last-child\" data-index=\"2\" ><div\n\t\t\t\n\t\t\tclass=\"so-widget-sow-editor so-widget-sow-editor-base\"\n\t\t\t\n\t\t>\n<div class=\"siteorigin-widget-tinymce textwidget\">\n\t<p><a href=\"http:\/\/export-xml.qreativethemes.com\/physio\/wp-content\/uploads\/sites\/3\/2015\/11\/360x508.png\" rel=\"attachment wp-att-7477\"><img decoding=\"async\" class=\"alignnone size-full wp-image-8098\" src=\"https:\/\/gimaclinic.com\/wp-content\/uploads\/2021\/10\/physiotherapist_about-us.jpg\" alt=\"\" width=\"360\" height=\"508\" srcset=\"https:\/\/gimaclinic.com\/wp-content\/uploads\/2021\/10\/physiotherapist_about-us.jpg 360w, https:\/\/gimaclinic.com\/wp-content\/uploads\/2021\/10\/physiotherapist_about-us-213x300.jpg 213w\" sizes=\"(max-width: 360px) 100vw, 360px\" \/><\/a><\/p>\n<\/div>\n<\/div><\/div><\/div><\/div><div id=\"pg-8587-1\"  class=\"panel-grid panel-no-style\" ><div id=\"pgc-8587-1-0\"  class=\"panel-grid-cell\" ><div id=\"panel-8587-1-0-0\" class=\"so-panel widget widget_sow-editor panel-first-child panel-last-child\" data-index=\"3\" ><div\n\t\t\t\n\t\t\tclass=\"so-widget-sow-editor so-widget-sow-editor-base\"\n\t\t\t\n\t\t>\n<div class=\"siteorigin-widget-tinymce textwidget\">\n\t<p><img decoding=\"async\" class=\"size-full wp-image-245\" src=\"https:\/\/gimaclinic.com\/wp-content\/uploads\/2015\/11\/image-divider.jpg\" alt=\"image-divider\" width=\"1144\" height=\"50\" srcset=\"https:\/\/gimaclinic.com\/wp-content\/uploads\/2015\/11\/image-divider.jpg 1144w, https:\/\/gimaclinic.com\/wp-content\/uploads\/2015\/11\/image-divider-600x26.jpg 600w\" sizes=\"(max-width: 1144px) 100vw, 1144px\" \/><\/p>\n<\/div>\n<\/div><\/div><\/div><\/div><div id=\"pg-8587-2\"  class=\"panel-grid panel-no-style\" ><div id=\"pgc-8587-2-0\"  class=\"panel-grid-cell\" ><div id=\"panel-8587-2-0-0\" class=\"so-panel widget widget_text panel-first-child panel-last-child\" data-index=\"4\" ><h3 class=\"widget-title\">El Nostre Equip<\/h3>\t\t\t<div class=\"textwidget\"><\/div>\n\t\t<\/div><\/div><\/div><div id=\"pg-8587-3\"  class=\"panel-grid panel-has-style\" ><div class=\"row-col-4 building-team_row panel-row-style panel-row-style-for-8587-3\" ><div id=\"pgc-8587-3-0\"  class=\"panel-grid-cell\" ><div id=\"panel-8587-3-0-0\" class=\"so-panel widget widget_qt_team_member widget-team-member panel-first-child panel-last-child\" data-index=\"5\" >\n\t\t\t<div class=\"team-member\">\n\t\t\t\t\t\t\t\t\t<div class=\"team-member--image\">\n\t\t\t\t\t\t\t\t\t\t\t\t\t<img decoding=\"async\" width=\"460\" height=\"500\" src=\"https:\/\/gimaclinic.com\/wp-content\/uploads\/2022\/01\/Gisela-Cisa.jpg\" class=\"attachment-full size-full\" alt=\"Gisela Cisa Fisioterapeuta de Gima Clinic Reus\" srcset=\"https:\/\/gimaclinic.com\/wp-content\/uploads\/2022\/01\/Gisela-Cisa.jpg 460w, https:\/\/gimaclinic.com\/wp-content\/uploads\/2022\/01\/Gisela-Cisa-276x300.jpg 276w\" sizes=\"(max-width: 460px) 100vw, 460px\" \/>\t\t\t\t\t\t\t\t\t\t\t\t\t\t\t\t\t\t<div class=\"team-member--social\">\n\t\t\t\t\t\t\t<div class=\"overlay--center\">\n\t\t\t\t\t\t\t\t\t\t\t\t\t\t\t\t\t\t\t\t\t\t\t\t\t\t\t\t\t\t\t\t\t<a href=\"https:\/\/www.linkedin.com\/in\/gisela-cisa-ribas\/\" aria-label=\"LinkedIn\" target=\"_blank\" rel=\"noopener noreferrer\"><i class=\"fab fa-linkedin\"><\/i><\/a>\n\t\t\t\t\t\t\t\t\t\t\t\t\t\t\t\t\t\t\t\t\t\t\t\t\t\t\t\t\t\t\t\t\t\t\t\t\t\t\t<\/div>\n\t\t\t\t\t\t<\/div>\n\t\t\t\t\t\t\t\t\t\t\t\t\t\t\t\t\t<\/div>\n\t\t\t\t\t\t\t\t<div class=\"team-member--content\">\n\t\t\t\t\t<h4 class=\"team-member--name\">\n\t\t\t\t\t\t\t\t\t\t\t\tGisela Cisa Ribas\t\t\t\t\t\t\t\t\t\t\t<\/h4>\n\t\t\t\t\t\t\t\t\t\t\t<span class=\"team-member--tag\">Co-fundadora i Fisioterapeuta<\/span>\n\t\t\t\t\t\t\t\t\t\t\t\t\t\t\t\t<p class=\"team-member--description\">Fisioterapeuta especialista en biomec\u00e0nica i fisioter\u00e0pia esportiva. Docent investigador a la Universitat Rovira i Virgili. Reus.<\/p>\n\t\t\t\t\t\t\t\t\t\t\t\t\t\t<\/div>\n\t\t\t<\/div>\n\n\t\t\t<\/div><\/div><div id=\"pgc-8587-3-1\"  class=\"panel-grid-cell\" ><div id=\"panel-8587-3-1-0\" class=\"so-panel widget widget_qt_team_member widget-team-member panel-first-child panel-last-child\" data-index=\"6\" >\n\t\t\t<div class=\"team-member\">\n\t\t\t\t\t\t\t\t\t<div class=\"team-member--image\">\n\t\t\t\t\t\t\t\t\t\t\t\t\t<img decoding=\"async\" width=\"460\" height=\"500\" src=\"https:\/\/gimaclinic.com\/wp-content\/uploads\/2022\/01\/Marc-Martinez.jpg\" class=\"attachment-full size-full\" alt=\"\" srcset=\"https:\/\/gimaclinic.com\/wp-content\/uploads\/2022\/01\/Marc-Martinez.jpg 460w, https:\/\/gimaclinic.com\/wp-content\/uploads\/2022\/01\/Marc-Martinez-276x300.jpg 276w\" sizes=\"(max-width: 460px) 100vw, 460px\" \/>\t\t\t\t\t\t\t\t\t\t\t\t\t\t\t\t\t\t<div class=\"team-member--social\">\n\t\t\t\t\t\t\t<div class=\"overlay--center\">\n\t\t\t\t\t\t\t\t\t\t\t\t\t\t\t\t\t\t\t\t\t\t\t\t\t\t\t\t\t\t\t\t\t<a href=\"https:\/\/www.linkedin.com\/in\/marc-martinez-iranzo-b113a2a6\/\" aria-label=\"LinkedIn\" target=\"_blank\" rel=\"noopener noreferrer\"><i class=\"fab fa-linkedin\"><\/i><\/a>\n\t\t\t\t\t\t\t\t\t\t\t\t\t\t\t\t\t\t\t\t\t\t\t\t\t\t\t\t\t\t\t\t\t\t\t\t\t\t\t<\/div>\n\t\t\t\t\t\t<\/div>\n\t\t\t\t\t\t\t\t\t\t\t\t\t\t\t\t\t<\/div>\n\t\t\t\t\t\t\t\t<div class=\"team-member--content\">\n\t\t\t\t\t<h4 class=\"team-member--name\">\n\t\t\t\t\t\t\t\t\t\t\t\tMarc Mart\u00ednez Iranzo\t\t\t\t\t\t\t\t\t\t\t<\/h4>\n\t\t\t\t\t\t\t\t\t\t\t<span class=\"team-member--tag\">Co-fundador i Biomec\u00e0nic<\/span>\n\t\t\t\t\t\t\t\t\t\t\t\t\t\t\t\t<p class=\"team-member--description\">Exesportista d'elit. Comercial de la fisioter\u00e0pia, coneixedor de la tecnologia capdavantera a nivell mundial.\nEspecialista en biomec\u00e0nica del ciclista i proves d\u00b4esfor\u00e7 esportives<\/p>\n\t\t\t\t\t\t\t\t\t\t\t\t\t\t<\/div>\n\t\t\t<\/div>\n\n\t\t\t<\/div><\/div><div id=\"pgc-8587-3-2\"  class=\"panel-grid-cell\" ><div id=\"panel-8587-3-2-0\" class=\"so-panel widget widget_qt_team_member widget-team-member panel-first-child panel-last-child\" data-index=\"7\" >\n\t\t\t<div class=\"team-member\">\n\t\t\t\t\t\t\t\t\t<div class=\"team-member--image\">\n\t\t\t\t\t\t\t\t\t\t\t\t\t<img decoding=\"async\" width=\"460\" height=\"500\" src=\"https:\/\/gimaclinic.com\/wp-content\/uploads\/2026\/04\/IMG_0328-scaled-e1775577797417.avif\" class=\"attachment-full size-full\" alt=\"\" srcset=\"https:\/\/gimaclinic.com\/wp-content\/uploads\/2026\/04\/IMG_0328-scaled-e1775577797417.avif 460w, https:\/\/gimaclinic.com\/wp-content\/uploads\/2026\/04\/IMG_0328-scaled-e1775577797417-276x300.avif 276w\" sizes=\"(max-width: 460px) 100vw, 460px\" \/>\t\t\t\t\t\t\t\t\t\t\t\t\t\t\t\t\t\t<div class=\"team-member--social\">\n\t\t\t\t\t\t\t<div class=\"overlay--center\">\n\t\t\t\t\t\t\t\t\t\t\t\t\t\t\t\t\t\t\t\t\t\t\t\t\t\t\t\t\t\t\t\t\t<a href=\"https:\/\/www.instagram.com\/carlacolomnutri\/\" aria-label=\"LinkedIn\" target=\"_blank\" rel=\"noopener noreferrer\"><i class=\"fab fa-linkedin\"><\/i><\/a>\n\t\t\t\t\t\t\t\t\t\t\t\t\t\t\t\t\t\t\t\t\t\t\t\t\t\t\t\t\t\t\t\t\t\t\t\t\t\t\t<\/div>\n\t\t\t\t\t\t<\/div>\n\t\t\t\t\t\t\t\t\t\t\t\t\t\t\t\t\t<\/div>\n\t\t\t\t\t\t\t\t<div class=\"team-member--content\">\n\t\t\t\t\t<h4 class=\"team-member--name\">\n\t\t\t\t\t\t\t\t\t\t\t\tCarla Colom\t\t\t\t\t\t\t\t\t\t\t<\/h4>\n\t\t\t\t\t\t\t\t\t\t\t<span class=\"team-member--tag\">Nutricionista esportiva<\/span>\n\t\t\t\t\t\t\t\t\t\t\t\t\t\t\t\t<p class=\"team-member--description\">Nutricionista especilitzada en esportiva, nutrici\u00f3-metabolisme i microbiota intestinal<\/p>\n\t\t\t\t\t\t\t\t\t\t\t\t\t\t<\/div>\n\t\t\t<\/div>\n\n\t\t\t<\/div><\/div><div id=\"pgc-8587-3-3\"  class=\"panel-grid-cell\" ><div id=\"panel-8587-3-3-0\" class=\"so-panel widget widget_sow-editor panel-first-child\" data-index=\"8\" ><div class=\"d-none-lg smaller-widget-title white-title featured-box panel-widget-style panel-widget-style-for-8587-3-3-0\" id=\"building-team_sm\" ><div\n\t\t\t\n\t\t\tclass=\"so-widget-sow-editor so-widget-sow-editor-base\"\n\t\t\t\n\t\t><h3 class=\"widget-title\">Creant Equip<\/h3>\n<div class=\"siteorigin-widget-tinymce textwidget\">\n\t<p class=\"CosA\" style=\"text-align: left;\">Som un equip de professionals sanitaris i esportius totalment formats per oferir-te un servei de prevenci\u00f3 i tractament exclusiu per a tu.<\/p>\n<p><strong><span lang=\"CA-TRAD\">No cal lesionar-nos per cuidar-nos!<\/span><\/strong><\/p>\n<\/div>\n<\/div><\/div><\/div><div id=\"panel-8587-3-3-1\" class=\"so-panel widget widget_sow-editor panel-last-child\" data-index=\"9\" ><div class=\"d-none d-block-ml smaller-widget-title white-title featured-box panel-widget-style panel-widget-style-for-8587-3-3-1\" id=\"building-team_lg\" ><div\n\t\t\t\n\t\t\tclass=\"so-widget-sow-editor so-widget-sow-editor-base\"\n\t\t\t\n\t\t><h3 class=\"widget-title\">Creant Equip<\/h3>\n<div class=\"siteorigin-widget-tinymce textwidget\">\n\t<p class=\"CosA\" style=\"text-align: left;\">Som un equip de professionals sanitaris i esportius totalment formats per oferir-te un servei de prevenci\u00f3 i tractament exclusiu per a tu.<\/p>\n<p><strong><span lang=\"CA-TRAD\">No cal lesionar-nos per cuidar-nos!<\/span><\/strong><\/p>\n<p class=\"CosA\" style=\"text-align: left;\">Un equip multidisciplinari especialitzats en afeccions cl\u00edniques i esportives per millorar la teva qualitat de vida, ajudar-te en el teu rendiment esportiu i facilitar-te en el teu proc\u00e9s rehabilitador.<\/p>\n<\/div>\n<\/div><\/div><\/div><\/div><\/div><\/div><div id=\"pg-8587-4\"  class=\"panel-grid panel-has-style\" ><div class=\"row-col-4 panel-row-style panel-row-style-for-8587-4\" ><div id=\"pgc-8587-4-0\"  class=\"panel-grid-cell\" ><div id=\"panel-8587-4-0-0\" class=\"so-panel widget widget_qt_team_member widget-team-member panel-first-child panel-last-child\" data-index=\"10\" >\n\t\t\t<div class=\"team-member\">\n\t\t\t\t\t\t\t\t\t<div class=\"team-member--image\">\n\t\t\t\t\t\t\t\t\t\t\t\t\t<img decoding=\"async\" width=\"1238\" height=\"1600\" src=\"https:\/\/gimaclinic.com\/wp-content\/uploads\/2026\/04\/21e6bc36-e386-4174-a636-e82c5fcc78bb-e1775576623705.avif\" class=\"attachment-full size-full not-transparent\" alt=\"\" data-has-transparency=\"false\" data-dominant-color=\"7d6654\" style=\"--dominant-color: #7d6654;\" \/>\t\t\t\t\t\t\t\t\t\t\t\t\t\t\t\t\t\t\t\t\t\t\t<\/div>\n\t\t\t\t\t\t\t\t<div class=\"team-member--content\">\n\t\t\t\t\t<h4 class=\"team-member--name\">\n\t\t\t\t\t\t\t\t\t\t\t\tXavier Capdevila Terrones\t\t\t\t\t\t\t\t\t\t\t<\/h4>\n\t\t\t\t\t\t\t\t\t\t\t<span class=\"team-member--tag\">Fisioterapeuta Esportiu<\/span>\n\t\t\t\t\t\t\t\t\t\t\t\t\t\t\t\t<p class=\"team-member--description\">Graduat en Fisioterapia esportiva i en Activitat f\u00edsica de l'esport i la salut<\/p>\n\t\t\t\t\t\t\t\t\t\t\t\t\t\t<\/div>\n\t\t\t<\/div>\n\n\t\t\t<\/div><\/div><div id=\"pgc-8587-4-1\"  class=\"panel-grid-cell\" ><div id=\"panel-8587-4-1-0\" class=\"so-panel widget widget_qt_team_member widget-team-member panel-first-child panel-last-child\" data-index=\"11\" >\n\t\t\t<div class=\"team-member\">\n\t\t\t\t\t\t\t\t\t<div class=\"team-member--image\">\n\t\t\t\t\t\t\t\t\t\t\t\t\t<img decoding=\"async\" width=\"500\" height=\"500\" src=\"https:\/\/gimaclinic.com\/wp-content\/uploads\/2024\/06\/Jofre-Prunera500-jpg.avif\" class=\"attachment-full size-full\" alt=\"Jofre Prunera con el logo de GIMA CLinic de fondo\" \/>\t\t\t\t\t\t\t\t\t\t\t\t\t\t\t\t\t\t<div class=\"team-member--social\">\n\t\t\t\t\t\t\t<div class=\"overlay--center\">\n\t\t\t\t\t\t\t\t\t\t\t\t\t\t\t\t\t<a href=\"https:\/\/www.facebook.com\/101percent.training\" aria-label=\"Facebook\" target=\"_blank\" rel=\"noopener noreferrer\"><i class=\"fab fa-facebook-f\"><\/i><\/a>\n\t\t\t\t\t\t\t\t\t\t\t\t\t\t\t\t\t\t\t\t\t\t\t\t\t\t\t\t\t\t\t\t\t\t\t\t\t\t\t\t\t\t\t\t\t\t\t\t\t\t\t\t\t\t\t<\/div>\n\t\t\t\t\t\t<\/div>\n\t\t\t\t\t\t\t\t\t\t\t\t\t\t\t\t\t<\/div>\n\t\t\t\t\t\t\t\t<div class=\"team-member--content\">\n\t\t\t\t\t<h4 class=\"team-member--name\">\n\t\t\t\t\t\t\t\t\t\t\t\tJofre Prunera Macias\t\t\t\t\t\t\t\t\t\t\t<\/h4>\n\t\t\t\t\t\t\t\t\t\t\t<span class=\"team-member--tag\">Preparador F\u00edsic i Rendiment Esportiu<\/span>\n\t\t\t\t\t\t\t\t\t\t\t\t\t\t\t\t<p class=\"team-member--description\">Preparador f\u00edsic amb m\u00e9s de 10 anys d'experi\u00e8ncia, format com a T\u00e8cnic Especialista en la Preparaci\u00f3 F\u00edsica en Ciclisme i T\u00e8cnic d'Alta Muntanya per CAFEM i ECAM.<\/p>\n\t\t\t\t\t\t\t\t\t\t\t\t\t\t<\/div>\n\t\t\t<\/div>\n\n\t\t\t<\/div><\/div><div id=\"pgc-8587-4-2\"  class=\"panel-grid-cell\" ><div id=\"panel-8587-4-2-0\" class=\"so-panel widget widget_qt_team_member widget-team-member panel-first-child panel-last-child\" data-index=\"12\" >\n\t\t\t<div class=\"team-member\">\n\t\t\t\t\t\t\t\t\t<div class=\"team-member--image\">\n\t\t\t\t\t\t\t\t\t\t\t\t\t<img decoding=\"async\" width=\"499\" height=\"499\" src=\"https:\/\/gimaclinic.com\/wp-content\/uploads\/2025\/10\/Rosa-gimaclinic-preparadora-e1760454219911.avif\" class=\"attachment-full size-full\" alt=\"Rosa entrenadora personal\" srcset=\"https:\/\/gimaclinic.com\/wp-content\/uploads\/2025\/10\/Rosa-gimaclinic-preparadora-e1760454219911.avif 499w, https:\/\/gimaclinic.com\/wp-content\/uploads\/2025\/10\/Rosa-gimaclinic-preparadora-e1760454219911-300x300.avif 300w, https:\/\/gimaclinic.com\/wp-content\/uploads\/2025\/10\/Rosa-gimaclinic-preparadora-e1760454219911-150x150.avif 150w, https:\/\/gimaclinic.com\/wp-content\/uploads\/2025\/10\/Rosa-gimaclinic-preparadora-e1760454219911-375x375.avif 375w\" sizes=\"(max-width: 499px) 100vw, 499px\" \/>\t\t\t\t\t\t\t\t\t\t\t\t\t\t\t\t\t\t<div class=\"team-member--social\">\n\t\t\t\t\t\t\t<div class=\"overlay--center\">\n\t\t\t\t\t\t\t\t\t\t\t\t\t\t\t\t\t\t\t\t\t\t\t\t\t\t\t\t\t\t\t\t\t<a href=\"http:\/\/linkedin.com\/in\/victoria-grau-40013a1b0\" aria-label=\"LinkedIn\" target=\"_blank\" rel=\"noopener noreferrer\"><i class=\"fab fa-linkedin\"><\/i><\/a>\n\t\t\t\t\t\t\t\t\t\t\t\t\t\t\t\t\t\t\t\t\t\t\t\t\t\t\t\t\t\t\t\t\t<a href=\"mailto:victoria@gimaclinic.com\" aria-label=\"Email\"><i class=\"fas fa-envelope\"><\/i><\/a>\n\t\t\t\t\t\t\t\t\t\t\t\t\t\t\t\t\t\t\t\t\t\t\t<\/div>\n\t\t\t\t\t\t<\/div>\n\t\t\t\t\t\t\t\t\t\t\t\t\t\t\t\t\t<\/div>\n\t\t\t\t\t\t\t\t<div class=\"team-member--content\">\n\t\t\t\t\t<h4 class=\"team-member--name\">\n\t\t\t\t\t\t\t\t\t\t\t\tRosa Conca Espinal\t\t\t\t\t\t\t\t\t\t\t<\/h4>\n\t\t\t\t\t\t\t\t\t\t\t<span class=\"team-member--tag\">Entrenadora personal<\/span>\n\t\t\t\t\t\t\t\t\t\t\t\t\t\t\t\t<p class=\"team-member--description\">Entrenadora personal. Formacio professional en auxiliar administratiu i entrenament personal i fitness<\/p>\n\t\t\t\t\t\t\t\t\t\t\t\t\t\t<\/div>\n\t\t\t<\/div>\n\n\t\t\t<\/div><\/div><div id=\"pgc-8587-4-3\"  class=\"panel-grid-cell\" ><div id=\"panel-8587-4-3-0\" class=\"so-panel widget widget_qt_team_member widget-team-member panel-first-child panel-last-child\" data-index=\"13\" >\n\t\t\t<div class=\"team-member\">\n\t\t\t\t\t\t\t\t\t<div class=\"team-member--image\">\n\t\t\t\t\t\t\t\t\t\t\t\t\t<img decoding=\"async\" width=\"500\" height=\"500\" src=\"https:\/\/gimaclinic.com\/wp-content\/uploads\/2024\/06\/Vicenc-Rraluy-jpg.avif\" class=\"attachment-full size-full not-transparent\" alt=\"\" srcset=\"https:\/\/gimaclinic.com\/wp-content\/uploads\/2024\/06\/Vicenc-Rraluy-jpg.avif 500w, https:\/\/gimaclinic.com\/wp-content\/uploads\/2024\/06\/Vicenc-Rraluy-300x300.avif 300w, https:\/\/gimaclinic.com\/wp-content\/uploads\/2024\/06\/Vicenc-Rraluy-150x150.avif 150w, https:\/\/gimaclinic.com\/wp-content\/uploads\/2024\/06\/Vicenc-Rraluy-375x375.avif 375w\" sizes=\"(max-width: 500px) 100vw, 500px\" data-has-transparency=\"false\" data-dominant-color=\"7b7168\" style=\"--dominant-color: #7b7168;\" \/>\t\t\t\t\t\t\t\t\t\t\t\t\t\t\t\t\t\t<div class=\"team-member--social\">\n\t\t\t\t\t\t\t<div class=\"overlay--center\">\n\t\t\t\t\t\t\t\t\t\t\t\t\t\t\t\t\t\t\t\t\t\t\t\t\t\t\t\t\t\t\t\t\t<a href=\"https:\/\/www.linkedin.com\/in\/vicen\u00e7-raluy-dorca-1079a172\/\" aria-label=\"LinkedIn\" target=\"_blank\" rel=\"noopener noreferrer\"><i class=\"fab fa-linkedin\"><\/i><\/a>\n\t\t\t\t\t\t\t\t\t\t\t\t\t\t\t\t\t\t\t\t\t\t\t\t\t\t\t\t\t\t\t\t\t\t\t\t\t\t\t<\/div>\n\t\t\t\t\t\t<\/div>\n\t\t\t\t\t\t\t\t\t\t\t\t\t\t\t\t\t<\/div>\n\t\t\t\t\t\t\t\t<div class=\"team-member--content\">\n\t\t\t\t\t<h4 class=\"team-member--name\">\n\t\t\t\t\t\t\t\t\t\t\t\tVicen\u00e7 Raluy Dorca\t\t\t\t\t\t\t\t\t\t\t<\/h4>\n\t\t\t\t\t\t\t\t\t\t\t<span class=\"team-member--tag\">Psic\u00f2leg Esportiu<\/span>\n\t\t\t\t\t\t\t\t\t\t\t\t\t\t\t\t<p class=\"team-member--description\">Formaci\u00f3 human\u00edstica i curr\u00edculum universitari adre\u00e7at a la psicologia de l'esportista i dels t\u00e8cnics esportius (Aprenentatge i millora del rendiment).<\/p>\n\t\t\t\t\t\t\t\t\t\t\t\t\t\t<\/div>\n\t\t\t<\/div>\n\n\t\t\t<\/div><\/div><\/div><\/div><\/div>","protected":false},"excerpt":{"rendered":"<p>GIMA CLINIC \u00e9s una cl\u00ednica multidisciplinar que neix de dos apassionats a l&#8217;esport i la salut. D&#8217;una banda, tenim a Marc, el nostre CEO i cofundador, amb una dilatada experi\u00e8ncia com a esportista professional, coneixedor del que vol dir estar lesionat i no poder gaudir de l&#8217;esport. A m\u00e9s, s&#8217;ha dedicat en aquests darrers anys [&hellip;]<\/p>\n","protected":false},"author":1,"featured_media":0,"parent":0,"menu_order":0,"comment_status":"closed","ping_status":"closed","template":"","meta":{"footnotes":""},"class_list":["post-8587","page","type-page","status-publish","hentry"],"aioseo_notices":[],"jetpack_sharing_enabled":true,"_links":{"self":[{"href":"https:\/\/gimaclinic.com\/ca\/wp-json\/wp\/v2\/pages\/8587","targetHints":{"allow":["GET"]}}],"collection":[{"href":"https:\/\/gimaclinic.com\/ca\/wp-json\/wp\/v2\/pages"}],"about":[{"href":"https:\/\/gimaclinic.com\/ca\/wp-json\/wp\/v2\/types\/page"}],"author":[{"embeddable":true,"href":"https:\/\/gimaclinic.com\/ca\/wp-json\/wp\/v2\/users\/1"}],"replies":[{"embeddable":true,"href":"https:\/\/gimaclinic.com\/ca\/wp-json\/wp\/v2\/comments?post=8587"}],"version-history":[{"count":15,"href":"https:\/\/gimaclinic.com\/ca\/wp-json\/wp\/v2\/pages\/8587\/revisions"}],"predecessor-version":[{"id":10883,"href":"https:\/\/gimaclinic.com\/ca\/wp-json\/wp\/v2\/pages\/8587\/revisions\/10883"}],"wp:attachment":[{"href":"https:\/\/gimaclinic.com\/ca\/wp-json\/wp\/v2\/media?parent=8587"}],"curies":[{"name":"wp","href":"https:\/\/api.w.org\/{rel}","templated":true}]}}